{"id":128,"date":"2024-11-17T15:42:50","date_gmt":"2024-11-17T14:42:50","guid":{"rendered":"https:\/\/catherine-bronnec.fr\/?page_id=128"},"modified":"2025-10-22T11:53:37","modified_gmt":"2025-10-22T09:53:37","slug":"hypnose-spirituelle-et-symbolique","status":"publish","type":"page","link":"https:\/\/catherine-bronnec.fr\/index.php\/hypnose-spirituelle-et-symbolique\/","title":{"rendered":"Hypnose spirituelle et symbolique"},"content":{"rendered":"\n<p class=\"has-text-color has-link-color has-medium-font-size wp-elements-58bd6bdff451405a775623720ad000b2\" style=\"color:#9cbe9c\"><strong>Et si vous pouviez enfin comprendre les blessures invisibles qui vous freinent ?<\/strong><\/p>\n\n\n\n<p><strong>L\u2019Hypnose Spirituelle<\/strong>, aussi appel\u00e9e <strong>hypnose r\u00e9gressive<\/strong>, est bien plus qu&#8217;une simple technique. C\u2019est un v\u00e9ritable voyage int\u00e9rieur, une exploration profonde de votre histoire d&#8217;\u00e2me, qui permet d&#8217;aller \u00e0 la rencontre de vos vies ant\u00e9rieures. Gr\u00e2ce \u00e0 un \u00e9tat modifi\u00e9 de conscience, vous acc\u00e9dez \u00e0 des souvenirs enfouis, porteurs de cl\u00e9s pr\u00e9cieuses pour votre bien-\u00eatre actuel.<\/p>\n\n\n\n<p class=\"has-black-color has-text-color has-link-color wp-elements-5ca41877c0bd5573bb585af94d8b7ae5\">Chaque \u00e9motion bloqu\u00e9e, chaque peur inexpliqu\u00e9e ou sch\u00e9ma r\u00e9p\u00e9titif a souvent une racine plus ancienne que vous ne l\u2019imaginez. L&#8217;hypnose spirituelle vous offre la possibilit\u00e9 unique de lib\u00e9rer ces poids invisibles, de gu\u00e9rir ces m\u00e9moires et d\u2019avancer plus l\u00e9ger, avec plus de clart\u00e9 et de paix int\u00e9rieure.<\/p>\n\n\n\n<p class=\"has-text-color has-link-color wp-elements-db6940ce07eb3a35638d4cb6717bb509\" style=\"color:#9cbe9c\"><strong>Ce que vous pouvez transformer gr\u00e2ce \u00e0 l&#8217;hypnose spirituelle :<\/strong><\/p>\n\n\n\n<ul class=\"wp-block-list\">\n<li><strong>Reconnecter avec vos vies pass\u00e9es<\/strong> : Comprendre d\u2019o\u00f9 viennent vos blocages ou vos \u00e9lans naturels pour mieux vous \u00e9panouir aujourd\u2019hui.<\/li>\n\n\n\n<li><strong>Lib\u00e9rer les blessures \u00e9motionnelles<\/strong> : Apaiser les traumas, mettre fin aux cycles r\u00e9p\u00e9titifs, all\u00e9ger le stress et l\u2019anxi\u00e9t\u00e9 qui vous emp\u00eachent de respirer pleinement.<\/li>\n\n\n\n<li><strong>Gu\u00e9rir vos relations<\/strong> : En prenant conscience des liens karmiques ou des m\u00e9moires anciennes, vous ouvrez la voie \u00e0 des relations plus saines et plus authentiques.<\/li>\n\n\n\n<li><strong>Apaiser les traumatismes profonds<\/strong> : En revisitant l\u2019origine d\u2019une peur ou d\u2019une souffrance, vous pouvez transformer vos angoisses et m\u00eame certaines phobies, en retrouvant du sens et de la s\u00e9r\u00e9nit\u00e9.<\/li>\n\n\n\n<li><strong>Recevoir des messages de votre \u00e2me<\/strong> : Laissez-vous guider par la sagesse int\u00e9rieure, les signes subtils, les messages de vos guides qui vous soutiennent sur votre chemin.<\/li>\n<\/ul>\n\n\n\n<div class=\"wp-block-media-text is-stacked-on-mobile\"><figure class=\"wp-block-media-text__media\"><img loading=\"lazy\" decoding=\"async\" width=\"1024\" height=\"580\" src=\"https:\/\/catherine-bronnec.fr\/wp-content\/uploads\/2024\/11\/matin_vieux_bourg-petit-1024x580.jpg\" alt=\"\" class=\"wp-image-139 size-full\" srcset=\"https:\/\/catherine-bronnec.fr\/wp-content\/uploads\/2024\/11\/matin_vieux_bourg-petit-1024x580.jpg 1024w, https:\/\/catherine-bronnec.fr\/wp-content\/uploads\/2024\/11\/matin_vieux_bourg-petit-300x170.jpg 300w, https:\/\/catherine-bronnec.fr\/wp-content\/uploads\/2024\/11\/matin_vieux_bourg-petit-768x435.jpg 768w, https:\/\/catherine-bronnec.fr\/wp-content\/uploads\/2024\/11\/matin_vieux_bourg-petit.jpg 1500w\" sizes=\"auto, (max-width: 1024px) 100vw, 1024px\" \/><\/figure><div class=\"wp-block-media-text__content\">\n<p class=\"has-text-color has-link-color wp-elements-f305ac37e4e743ca4737840dc13e1837\" style=\"color:#9cbe9c\"><strong>Pourquoi choisir cette exp\u00e9rience unique ?<\/strong><\/p>\n\n\n\n<ul class=\"wp-block-list\">\n<li>Parce que vous ressentez peut-\u00eatre, au fond de vous, ce besoin de comprendre, de gu\u00e9rir, de retrouver la paix.<\/li>\n\n\n\n<li>Parce qu&#8217;il est temps de <strong>d\u00e9passer les blocages<\/strong> qui vous retiennent.<\/li>\n\n\n\n<li>Parce que vous m\u00e9ritez de vivre une vie align\u00e9e, pleine de sens et d\u2019harmonie.<\/li>\n\n\n\n<li>Avec l\u2019hypnose spirituelle, vous r\u00e9veillez en vous cette force oubli\u00e9e, cette capacit\u00e9 de transformation et de lib\u00e9ration. Vous reconnectez \u00e0 votre essence, \u00e0 votre lumi\u00e8re int\u00e9rieure.<\/li>\n<\/ul>\n<\/div><\/div>\n\n\n\n<h4 class=\"wp-block-heading has-text-color has-link-color wp-elements-386671c99c3f179af9f7033777dcb5d9\" style=\"color:#9cbe9c\">Les pionniers qui ont ouvert cette voie<\/h4>\n\n\n\n<p>\u2728 <strong><a href=\"https:\/\/www.newtoninstitute.org\/dr-michael-newton\/\">Dr. Michael Newton<\/a><\/strong>, v\u00e9ritable explorateur des myst\u00e8res de l\u2019\u00e2me, a r\u00e9v\u00e9l\u00e9 comment, en \u00e9tat d&#8217;hypnose profonde, il \u00e9tait possible d&#8217;acc\u00e9der non seulement \u00e0 des souvenirs de vies pass\u00e9es, mais aussi \u00e0 l\u2019espace sacr\u00e9 entre les incarnations, l\u00e0 o\u00f9 se dessinent nos choix de vie.<\/p>\n\n\n\n<p>\u2728 <strong><a href=\"https:\/\/www.amazon.fr\/Livres-Brian-L-Weiss\/s?rh=n%3A301061%2Cp_27%3ABrian%2BL.%2BWeiss\">Dr. Brian Weiss<\/a><\/strong>, psychiatre et auteur du c\u00e9l\u00e8bre <em>De nombreuses vies, de nombreux ma\u00eetres<\/em>, a aid\u00e9 des milliers de personnes \u00e0 gu\u00e9rir des peurs, des douleurs et des sch\u00e9mas limitants en revisitant leurs vies ant\u00e9rieures. Son approche a permis de montrer \u00e0 quel point nos m\u00e9moires oubli\u00e9es influencent nos relations, nos \u00e9motions et nos d\u00e9cisions.<\/p>\n\n\n\n<p class=\"has-text-color has-link-color wp-elements-9c08d5878630d8001d421a5165d3ec36\" style=\"color:#9cbe9c\"><strong>Pr\u00eat \u00e0 explorer votre monde int\u00e9rieur ?<\/strong><\/p>\n\n\n\n<p class=\"has-black-color has-text-color has-link-color wp-elements-6c6692f4e582592422a33e7af7e8971f\">Offrez-vous ce voyage int\u00e9rieur. \u00c9coutez l\u2019appel de votre \u00e2me.<\/p>\n\n\n\n<p class=\"has-text-color has-link-color wp-elements-c7c8d56833a4951469768ef76fdfb3ee\" style=\"color:#9cbe9c\"><strong>Important<\/strong><\/p>\n\n\n\n<p>Les s\u00e9ances sont r\u00e9serv\u00e9es aux adultes de plus de 27 ans.<br>Une s\u00e9ance peut durer 2 heures.<\/p>\n\n\n\n<h2 class=\"wp-block-heading\">\u26a0\ufe0f Contre-indications<\/h2>\n\n\n\n<p>L\u2019hypnose n\u2019est <strong>pas recommand\u00e9e<\/strong> dans les cas suivants :<\/p>\n\n\n\n<ul class=\"wp-block-list\">\n<li>Troubles psychiques graves (psychoses, schizophr\u00e9nie, troubles bipolaires non stabilis\u00e9s, etc.)<\/li>\n\n\n\n<li>Urgences m\u00e9dicales ou situations de crise aigu\u00eb<\/li>\n<\/ul>\n\n\n\n<div class=\"wp-block-buttons is-layout-flex wp-block-buttons-is-layout-flex\">\n<div class=\"wp-block-button\"><a class=\"wp-block-button__link has-background wp-element-button\" href=\"https:\/\/catherine-bronnec.fr\/index.php\/contact\/\" style=\"background-color:#9cbe9c\">Prendre rendez-vous<\/a><\/div>\n<\/div>\n","protected":false},"excerpt":{"rendered":"<p>Et si vous pouviez enfin comprendre les blessures invisibles qui vous freinent ? L\u2019Hypnose Spirituelle, aussi appel\u00e9e hypnose r\u00e9gressive, est bien plus qu&#8217;une simple technique. C\u2019est un v\u00e9ritable voyage int\u00e9rieur, &hellip; <\/p>\n","protected":false},"author":1,"featured_media":0,"parent":0,"menu_order":0,"comment_status":"closed","ping_status":"closed","template":"","meta":{"footnotes":""},"class_list":["post-128","page","type-page","status-publish","hentry"],"yoast_head":"<!-- This site is optimized with the Yoast SEO plugin v27.5 - https:\/\/yoast.com\/product\/yoast-seo-wordpress\/ -->\n<title>Hypnose spirituelle et symbolique - Catherine Bronnec<\/title>\n<meta name=\"description\" content=\"D\u00e9couvrez l\u2019hypnose spirituelle et lib\u00e9rez les blocages de vos vies ant\u00e9rieures pour gu\u00e9rir vos blessures invisibles et retrouver paix et clart\u00e9 int\u00e9rieure avec Catherine Bronnec \u00e0 Saint-Brandan\" \/>\n<meta name=\"robots\" content=\"index, follow, max-snippet:-1, max-image-preview:large, max-video-preview:-1\" \/>\n<link rel=\"canonical\" href=\"https:\/\/catherine-bronnec.fr\/index.php\/hypnose-spirituelle-et-symbolique\/\" \/>\n<meta property=\"og:locale\" content=\"en_US\" \/>\n<meta property=\"og:type\" content=\"article\" \/>\n<meta property=\"og:title\" content=\"Hypnose spirituelle et symbolique - Catherine Bronnec\" \/>\n<meta property=\"og:description\" content=\"D\u00e9couvrez l\u2019hypnose spirituelle et lib\u00e9rez les blocages de vos vies ant\u00e9rieures pour gu\u00e9rir vos blessures invisibles et retrouver paix et clart\u00e9 int\u00e9rieure avec Catherine Bronnec \u00e0 Saint-Brandan\" \/>\n<meta property=\"og:url\" content=\"https:\/\/catherine-bronnec.fr\/index.php\/hypnose-spirituelle-et-symbolique\/\" \/>\n<meta property=\"og:site_name\" content=\"Catherine Bronnec\" \/>\n<meta property=\"article:modified_time\" content=\"2025-10-22T09:53:37+00:00\" \/>\n<meta property=\"og:image\" content=\"https:\/\/catherine-bronnec.fr\/wp-content\/uploads\/2024\/11\/matin_vieux_bourg-petit.jpg\" \/>\n\t<meta property=\"og:image:width\" content=\"1500\" \/>\n\t<meta property=\"og:image:height\" content=\"850\" \/>\n\t<meta property=\"og:image:type\" content=\"image\/jpeg\" \/>\n<meta name=\"twitter:card\" content=\"summary_large_image\" \/>\n<meta name=\"twitter:label1\" content=\"Est. reading time\" \/>\n\t<meta name=\"twitter:data1\" content=\"3 minutes\" \/>\n<script type=\"application\/ld+json\" class=\"yoast-schema-graph\">{\"@context\":\"https:\\\/\\\/schema.org\",\"@graph\":[{\"@type\":\"WebPage\",\"@id\":\"https:\\\/\\\/catherine-bronnec.fr\\\/index.php\\\/hypnose-spirituelle-et-symbolique\\\/\",\"url\":\"https:\\\/\\\/catherine-bronnec.fr\\\/index.php\\\/hypnose-spirituelle-et-symbolique\\\/\",\"name\":\"Hypnose spirituelle et symbolique - Catherine Bronnec\",\"isPartOf\":{\"@id\":\"https:\\\/\\\/catherine-bronnec.fr\\\/#website\"},\"primaryImageOfPage\":{\"@id\":\"https:\\\/\\\/catherine-bronnec.fr\\\/index.php\\\/hypnose-spirituelle-et-symbolique\\\/#primaryimage\"},\"image\":{\"@id\":\"https:\\\/\\\/catherine-bronnec.fr\\\/index.php\\\/hypnose-spirituelle-et-symbolique\\\/#primaryimage\"},\"thumbnailUrl\":\"https:\\\/\\\/catherine-bronnec.fr\\\/wp-content\\\/uploads\\\/2024\\\/11\\\/matin_vieux_bourg-petit-1024x580.jpg\",\"datePublished\":\"2024-11-17T14:42:50+00:00\",\"dateModified\":\"2025-10-22T09:53:37+00:00\",\"description\":\"D\u00e9couvrez l\u2019hypnose spirituelle et lib\u00e9rez les blocages de vos vies ant\u00e9rieures pour gu\u00e9rir vos blessures invisibles et retrouver paix et clart\u00e9 int\u00e9rieure avec Catherine Bronnec \u00e0 Saint-Brandan\",\"breadcrumb\":{\"@id\":\"https:\\\/\\\/catherine-bronnec.fr\\\/index.php\\\/hypnose-spirituelle-et-symbolique\\\/#breadcrumb\"},\"inLanguage\":\"en-US\",\"potentialAction\":[{\"@type\":\"ReadAction\",\"target\":[\"https:\\\/\\\/catherine-bronnec.fr\\\/index.php\\\/hypnose-spirituelle-et-symbolique\\\/\"]}]},{\"@type\":\"ImageObject\",\"inLanguage\":\"en-US\",\"@id\":\"https:\\\/\\\/catherine-bronnec.fr\\\/index.php\\\/hypnose-spirituelle-et-symbolique\\\/#primaryimage\",\"url\":\"https:\\\/\\\/catherine-bronnec.fr\\\/wp-content\\\/uploads\\\/2024\\\/11\\\/matin_vieux_bourg-petit.jpg\",\"contentUrl\":\"https:\\\/\\\/catherine-bronnec.fr\\\/wp-content\\\/uploads\\\/2024\\\/11\\\/matin_vieux_bourg-petit.jpg\",\"width\":1500,\"height\":850},{\"@type\":\"BreadcrumbList\",\"@id\":\"https:\\\/\\\/catherine-bronnec.fr\\\/index.php\\\/hypnose-spirituelle-et-symbolique\\\/#breadcrumb\",\"itemListElement\":[{\"@type\":\"ListItem\",\"position\":1,\"name\":\"Accueil\",\"item\":\"https:\\\/\\\/catherine-bronnec.fr\\\/\"},{\"@type\":\"ListItem\",\"position\":2,\"name\":\"Hypnose spirituelle et symbolique\"}]},{\"@type\":\"WebSite\",\"@id\":\"https:\\\/\\\/catherine-bronnec.fr\\\/#website\",\"url\":\"https:\\\/\\\/catherine-bronnec.fr\\\/\",\"name\":\"Catherine Bronnec\",\"description\":\"Saint-Brandan\",\"publisher\":{\"@id\":\"https:\\\/\\\/catherine-bronnec.fr\\\/#\\\/schema\\\/person\\\/adb73562d27849cc99b9fbbfff5b1a97\"},\"potentialAction\":[{\"@type\":\"SearchAction\",\"target\":{\"@type\":\"EntryPoint\",\"urlTemplate\":\"https:\\\/\\\/catherine-bronnec.fr\\\/?s={search_term_string}\"},\"query-input\":{\"@type\":\"PropertyValueSpecification\",\"valueRequired\":true,\"valueName\":\"search_term_string\"}}],\"inLanguage\":\"en-US\"},{\"@type\":[\"Person\",\"Organization\"],\"@id\":\"https:\\\/\\\/catherine-bronnec.fr\\\/#\\\/schema\\\/person\\\/adb73562d27849cc99b9fbbfff5b1a97\",\"name\":\"admin8964\",\"image\":{\"@type\":\"ImageObject\",\"inLanguage\":\"en-US\",\"@id\":\"https:\\\/\\\/catherine-bronnec.fr\\\/wp-content\\\/uploads\\\/2024\\\/08\\\/cropped-logo-fleur-1.jpg\",\"url\":\"https:\\\/\\\/catherine-bronnec.fr\\\/wp-content\\\/uploads\\\/2024\\\/08\\\/cropped-logo-fleur-1.jpg\",\"contentUrl\":\"https:\\\/\\\/catherine-bronnec.fr\\\/wp-content\\\/uploads\\\/2024\\\/08\\\/cropped-logo-fleur-1.jpg\",\"width\":78,\"height\":111,\"caption\":\"admin8964\"},\"logo\":{\"@id\":\"https:\\\/\\\/catherine-bronnec.fr\\\/wp-content\\\/uploads\\\/2024\\\/08\\\/cropped-logo-fleur-1.jpg\"},\"sameAs\":[\"http:\\\/\\\/catherine-bronnec.fr\"]}]}<\/script>\n<!-- \/ Yoast SEO plugin. -->","yoast_head_json":{"title":"Hypnose spirituelle et symbolique - Catherine Bronnec","description":"D\u00e9couvrez l\u2019hypnose spirituelle et lib\u00e9rez les blocages de vos vies ant\u00e9rieures pour gu\u00e9rir vos blessures invisibles et retrouver paix et clart\u00e9 int\u00e9rieure avec Catherine Bronnec \u00e0 Saint-Brandan","robots":{"index":"index","follow":"follow","max-snippet":"max-snippet:-1","max-image-preview":"max-image-preview:large","max-video-preview":"max-video-preview:-1"},"canonical":"https:\/\/catherine-bronnec.fr\/index.php\/hypnose-spirituelle-et-symbolique\/","og_locale":"en_US","og_type":"article","og_title":"Hypnose spirituelle et symbolique - Catherine Bronnec","og_description":"D\u00e9couvrez l\u2019hypnose spirituelle et lib\u00e9rez les blocages de vos vies ant\u00e9rieures pour gu\u00e9rir vos blessures invisibles et retrouver paix et clart\u00e9 int\u00e9rieure avec Catherine Bronnec \u00e0 Saint-Brandan","og_url":"https:\/\/catherine-bronnec.fr\/index.php\/hypnose-spirituelle-et-symbolique\/","og_site_name":"Catherine Bronnec","article_modified_time":"2025-10-22T09:53:37+00:00","og_image":[{"width":1500,"height":850,"url":"https:\/\/catherine-bronnec.fr\/wp-content\/uploads\/2024\/11\/matin_vieux_bourg-petit.jpg","type":"image\/jpeg"}],"twitter_card":"summary_large_image","twitter_misc":{"Est. reading time":"3 minutes"},"schema":{"@context":"https:\/\/schema.org","@graph":[{"@type":"WebPage","@id":"https:\/\/catherine-bronnec.fr\/index.php\/hypnose-spirituelle-et-symbolique\/","url":"https:\/\/catherine-bronnec.fr\/index.php\/hypnose-spirituelle-et-symbolique\/","name":"Hypnose spirituelle et symbolique - Catherine Bronnec","isPartOf":{"@id":"https:\/\/catherine-bronnec.fr\/#website"},"primaryImageOfPage":{"@id":"https:\/\/catherine-bronnec.fr\/index.php\/hypnose-spirituelle-et-symbolique\/#primaryimage"},"image":{"@id":"https:\/\/catherine-bronnec.fr\/index.php\/hypnose-spirituelle-et-symbolique\/#primaryimage"},"thumbnailUrl":"https:\/\/catherine-bronnec.fr\/wp-content\/uploads\/2024\/11\/matin_vieux_bourg-petit-1024x580.jpg","datePublished":"2024-11-17T14:42:50+00:00","dateModified":"2025-10-22T09:53:37+00:00","description":"D\u00e9couvrez l\u2019hypnose spirituelle et lib\u00e9rez les blocages de vos vies ant\u00e9rieures pour gu\u00e9rir vos blessures invisibles et retrouver paix et clart\u00e9 int\u00e9rieure avec Catherine Bronnec \u00e0 Saint-Brandan","breadcrumb":{"@id":"https:\/\/catherine-bronnec.fr\/index.php\/hypnose-spirituelle-et-symbolique\/#breadcrumb"},"inLanguage":"en-US","potentialAction":[{"@type":"ReadAction","target":["https:\/\/catherine-bronnec.fr\/index.php\/hypnose-spirituelle-et-symbolique\/"]}]},{"@type":"ImageObject","inLanguage":"en-US","@id":"https:\/\/catherine-bronnec.fr\/index.php\/hypnose-spirituelle-et-symbolique\/#primaryimage","url":"https:\/\/catherine-bronnec.fr\/wp-content\/uploads\/2024\/11\/matin_vieux_bourg-petit.jpg","contentUrl":"https:\/\/catherine-bronnec.fr\/wp-content\/uploads\/2024\/11\/matin_vieux_bourg-petit.jpg","width":1500,"height":850},{"@type":"BreadcrumbList","@id":"https:\/\/catherine-bronnec.fr\/index.php\/hypnose-spirituelle-et-symbolique\/#breadcrumb","itemListElement":[{"@type":"ListItem","position":1,"name":"Accueil","item":"https:\/\/catherine-bronnec.fr\/"},{"@type":"ListItem","position":2,"name":"Hypnose spirituelle et symbolique"}]},{"@type":"WebSite","@id":"https:\/\/catherine-bronnec.fr\/#website","url":"https:\/\/catherine-bronnec.fr\/","name":"Catherine Bronnec","description":"Saint-Brandan","publisher":{"@id":"https:\/\/catherine-bronnec.fr\/#\/schema\/person\/adb73562d27849cc99b9fbbfff5b1a97"},"potentialAction":[{"@type":"SearchAction","target":{"@type":"EntryPoint","urlTemplate":"https:\/\/catherine-bronnec.fr\/?s={search_term_string}"},"query-input":{"@type":"PropertyValueSpecification","valueRequired":true,"valueName":"search_term_string"}}],"inLanguage":"en-US"},{"@type":["Person","Organization"],"@id":"https:\/\/catherine-bronnec.fr\/#\/schema\/person\/adb73562d27849cc99b9fbbfff5b1a97","name":"admin8964","image":{"@type":"ImageObject","inLanguage":"en-US","@id":"https:\/\/catherine-bronnec.fr\/wp-content\/uploads\/2024\/08\/cropped-logo-fleur-1.jpg","url":"https:\/\/catherine-bronnec.fr\/wp-content\/uploads\/2024\/08\/cropped-logo-fleur-1.jpg","contentUrl":"https:\/\/catherine-bronnec.fr\/wp-content\/uploads\/2024\/08\/cropped-logo-fleur-1.jpg","width":78,"height":111,"caption":"admin8964"},"logo":{"@id":"https:\/\/catherine-bronnec.fr\/wp-content\/uploads\/2024\/08\/cropped-logo-fleur-1.jpg"},"sameAs":["http:\/\/catherine-bronnec.fr"]}]}},"_links":{"self":[{"href":"https:\/\/catherine-bronnec.fr\/index.php\/wp-json\/wp\/v2\/pages\/128","targetHints":{"allow":["GET"]}}],"collection":[{"href":"https:\/\/catherine-bronnec.fr\/index.php\/wp-json\/wp\/v2\/pages"}],"about":[{"href":"https:\/\/catherine-bronnec.fr\/index.php\/wp-json\/wp\/v2\/types\/page"}],"author":[{"embeddable":true,"href":"https:\/\/catherine-bronnec.fr\/index.php\/wp-json\/wp\/v2\/users\/1"}],"replies":[{"embeddable":true,"href":"https:\/\/catherine-bronnec.fr\/index.php\/wp-json\/wp\/v2\/comments?post=128"}],"version-history":[{"count":25,"href":"https:\/\/catherine-bronnec.fr\/index.php\/wp-json\/wp\/v2\/pages\/128\/revisions"}],"predecessor-version":[{"id":264,"href":"https:\/\/catherine-bronnec.fr\/index.php\/wp-json\/wp\/v2\/pages\/128\/revisions\/264"}],"wp:attachment":[{"href":"https:\/\/catherine-bronnec.fr\/index.php\/wp-json\/wp\/v2\/media?parent=128"}],"curies":[{"name":"wp","href":"https:\/\/api.w.org\/{rel}","templated":true}]}}